{"id":1025,"date":"2021-03-19T16:14:53","date_gmt":"2021-03-19T15:14:53","guid":{"rendered":"https:\/\/julielimoges.wordpress.com\/?page_id=1025"},"modified":"2021-03-19T16:14:53","modified_gmt":"2021-03-19T15:14:53","slug":"bande-dessinee-les-lumieres-de-lamalou","status":"publish","type":"page","link":"https:\/\/julie-limoges.fr\/?page_id=1025","title":{"rendered":"Bande dessin\u00e9e : Les lumi\u00e8res de l&#8217;Amalou"},"content":{"rendered":"<p>Article publi\u00e9 originalement sur le site <a href=\"http:\/\/hydralune.com\/lecture-dauteurs\/les-lumieres-de-lamalou-claire-wendling-christophe-gibelin-avis-de-julie-limoges\/\">Hydralune<\/a>.<\/p>\n<p style=\"text-align:justify;\">C\u2019est de nouveau mon tour de vous pr\u00e9senter une \u0153uvre qui m\u2019est ch\u00e8re et qui m\u2019a influenc\u00e9e dans mon parcours d\u2019\u00e9crivain. Apr\u00e8s un manga, D\u00f4mu, je reviens dans l&#8217;Hexagone pour vous parler d\u2019une bande dessin\u00e9e bien de chez nous&nbsp;: les Lumi\u00e8res de Lamalou.<\/p>\n<p style=\"text-align:justify;\">Cr\u00e9\u00e9e par Christophe Gibelin, au sc\u00e9nario, et Claire Wendling, au dessin, cette s\u00e9rie comptant cinq tomes est sortie chez Delcourt entre 1990 et 1996. Un premier int\u00e9gral est paru en 1997 (une tr\u00e8s belle \u00e9dition que je poss\u00e8de), puis d\u2019autres en 2004 et 2013. Cette \u0153uvre, la premi\u00e8re pour les deux artistes, conna\u00eetra un succ\u00e8s imm\u00e9diat et recevra des prix au festival d\u2019Angoul\u00eame.<\/p>\n<p style=\"text-align:justify;\">Le r\u00e9sum\u00e9 de l\u2019\u00e9diteur est une bonne entr\u00e9e en mati\u00e8re pour s\u2019ins\u00e9rer dans l\u2019histoire complexe de ce conte \u00e0 la fois po\u00e9tique et d\u2019une grande violence.<\/p>\n<blockquote>\n<p style=\"text-align:justify;\">\u00ab&nbsp;Il y a des si\u00e8cles, aucune cr\u00e9ature vivante n&#8217;existait dans le monde de la L\u00e9gende, hormis un magicien nomm\u00e9 Th\u00e9o et un grand ch\u00eane. Les deux \u00eatres conclurent un pacte : le premier imaginerait et dessinerait la forme de cr\u00e9atures auxquelles le second donnerait vie.<\/p>\n<p style=\"text-align:justify;\">En \u00e9change, le magicien deviendrait immortel&#8230; Mais au fil des temps, le ch\u00eane s&#8217;affaiblit et Th\u00e9o voulut acqu\u00e9rir son pouvoir. Aujourd&#8217;hui, son ambition est sur le point de se r\u00e9aliser : l&#8217;arbre agonise&#8230; et s\u2019il meurt, ce sont tous les \u00eatres du monde de la L\u00e9gende qui dispara\u00eetront avec lui.&nbsp;\u00bb<\/p>\n<\/blockquote>\n<p style=\"text-align:justify;\">L\u2019histoire d\u00e9bute sur une \u00eele au milieu du fleuve Amalou. Une vieille b\u00e2tisse s\u2019y dresse, abritant deux communaut\u00e9s que tout oppose&nbsp;: les Furets et les Transparents. Les premiers sont des \u00eatres mi-hommes mi-b\u00eates tandis que les seconds, qui ressemblent \u00e0 s\u2019y m\u00e9prendre \u00e0 des humains, deviennent transparents dans l\u2019obscurit\u00e9, ce qui peut tout bonnement les tuer. Ils sont forc\u00e9s de cohabiter, condamn\u00e9s \u00e0 l\u2019exil pour une raison qui, \u00e0 l\u2019image de l\u2019origine de la haine qu\u2019ils se vouent, s\u2019est perdue dans la l\u00e9gende.<\/p>\n<p style=\"text-align:justify;\">Derni\u00e8rement, les Furets s\u2019agitent autour d\u2019un projet bricol\u00e9 dans le grenier. Les Transparents s\u2019en inqui\u00e8tent, surtout qu\u2019\u00e0 la nuit tomb\u00e9e, de myst\u00e9rieuses lumi\u00e8res dansent sur le fleuve. L\u2019arriv\u00e9e a\u00e9rienne de deux Furets \u00e9trangers \u00e0 l\u2019\u00eele, Elwood et Andr\u00e9a, va pr\u00e9cipiter les choses.<\/p>\n<p style=\"text-align:justify;\">Pour les insulaires qui se pensaient seuls, l\u2019horizon s\u2019\u00e9largit soudain. Ils ne vont pas tarder \u00e0 d\u00e9couvrir que ce monde n\u2019est pas le leur, et que le leur se meurt, mena\u00e7ant jusqu\u2019\u00e0 leur propre existence. Alors que les rivalit\u00e9s renaissent comme un brasier entre les Furets et les Transparents, leur violence acc\u00e9l\u00e8re d\u2019autant plus la d\u00e9g\u00e9n\u00e9rescence du vieux ch\u00eane, leur dieu. Et quand la tra\u00eetrise de Th\u00e9o est r\u00e9v\u00e9l\u00e9e et qu\u2019un passage s\u2019ouvre entre les deux r\u00e9alit\u00e9s, Elwood et Andr\u00e9a, aid\u00e9 par la Transparente Orane, doivent plonger dans cet univers inconnu et plein de dangers pour sauver le vieux ch\u00eane.<\/p>\n<p style=\"text-align:justify;\">J\u2019aurais beaucoup \u00e0 dire sur l\u2019histoire, mais je me force \u00e0 m\u2019arr\u00eater l\u00e0 afin de ne pas \u00e9venter le c\u0153ur de l\u2019intrigue et les moments forts du r\u00e9cit.<\/p>\n<p style=\"text-align:justify;\">Les th\u00e8mes sont abord\u00e9s de fa\u00e7on puissante et intelligente. Point de manich\u00e9isme ou de facilit\u00e9, ici. La fable est dure, parfois cruelle, mais tellement humaine qu\u2019elle trouve un \u00e9cho chez le lecteur. Les auteurs ne prennent d\u2019ailleurs pas leurs lecteurs pour des idiots et beaucoup de choses ne sont pas dites, mais plut\u00f4t sous-entendues par le dessin, que ce soit par le biais de l\u2019expression des visages, des couleurs, de la composition des planches et des cases, etc.<\/p>\n<p style=\"text-align:justify;\">Le r\u00e9cit est d\u2019une grande profondeur et d\u2019une belle complexit\u00e9. Heureusement, les dialogues et la narration visuelle ont \u00e9t\u00e9 r\u00e9alis\u00e9s d\u2019une main de ma\u00eetre et la lecture se d\u00e9roule sans souci. Les informations arrivent au bon moment et les pans de l\u2019intrigue s\u2019imbriquent sans probl\u00e8mes. Cela est d\u2019autant plus important que la po\u00e9sie et la puissance du dessin entra\u00eenent et qu\u2019il serait dommage d\u2019en sortir, car l\u2019histoire achoppe.<\/p>\n<p style=\"text-align:justify;\">Les personnages sont r\u00e9alistes. Ils ne forcent ni la sympathie ni l\u2019inimiti\u00e9. Ils sont parfois \u00e9nervants, parfois d\u00e9concertants. Ils nous poussent \u00e0 la piti\u00e9, nous arrachent un rire, provoquent notre col\u00e8re. \u00c0 plusieurs reprises, ils nous tirent les larmes. Ils sont au c\u0153ur du r\u00e9cit et le moteur principal de tous les \u00e9v\u00e8nements. Leurs actions ont en effet des cons\u00e9quences dramatiques ou salvatrices sur le monde de la L\u00e9gende. Tout change en fonction de leur \u00e9tat d\u2019\u00e2me, de la lumi\u00e8re \u00e0 la venue de la temp\u00eate.<\/p>\n<p style=\"text-align:justify;\">Enfin, la qualit\u00e9 graphique de cette bande dessin\u00e9e est incroyable, ce qui me fait dire que Claire Wendling est une dessinatrice bien trop rare\u2026 Sa passion pour la biologie se sent dans son trait expressif et dynamique lorsqu\u2019elle donne vie aux Furets ainsi qu&#8217;aux animaux et monstres qui peuplent ce monde \u00e9trange, surtout le Cafou, cr\u00e9ature inqui\u00e9tante et myst\u00e9rieuse \u00e0 l\u2019allure de panth\u00e8re. Son travail sur la planche est magnifique. Ses couleurs, ses ambiances, ses cadrages, ses lumi\u00e8res, son encrage tr\u00e8s contrast\u00e9\u2026 Une bonne histoire ne peut se suffire \u00e0 elle-m\u00eame en bande dessin\u00e9e&nbsp;: il faut aussi que la narration, c\u2019est-\u00e0-dire le dessin, soit adapt\u00e9e et s\u2019harmonise parfaitement. Pour moi, c\u2019est ici clairement le cas, et les deux auteurs ont livr\u00e9 une \u0153uvre remarquable.<\/p>\n<p style=\"text-align:justify;\">\u00c0 l\u2019image de ce dieu priv\u00e9 du plus important, l\u2019imagination, le r\u00e9cit commence comme l\u2019enfance. Simple, na\u00eff, il gagne petit \u00e0 petit en noirceur et en profondeur \u00e0 mesure qu\u2019il grandit. La qu\u00eate initiatique devient un voyage sans retour, la volont\u00e9 de la jeunesse devient r\u00e9signation et les choix faits sont cruels, mais d\u2019une troublante \u00e9vidence. C\u2019est pourtant un sentiment d\u2019espoir qui domine \u00e0 la fermeture du livre.<\/p>\n<p style=\"text-align:justify;\">Ainsi qu\u2019une bonne dose d\u2019\u00e9motions.<\/p>\n<p>&nbsp;<\/p>\n<p><strong>Les lumi\u00e8res de l&#8217;Amalou<\/strong><br \/>\nClaire WENDLING et Christophe GIBELIN<br \/>\n\u00c9d. Delcourt, coll. Conquistador.<\/p>\n<p>T1-Th\u00e9o (1990)<br \/>\nT2-Le Pantin (1991)<br \/>\nT3-Le village tordu (1992)<br \/>\nT4-Gouals (1994)<br \/>\nT5-Cendres (1996)<br \/>\nInt\u00e9grale Les lumi\u00e8res de l&#8217;Amalou (T1 \u00e0 5) (1997)<\/p>\n<p style=\"text-align:justify;\">\n","protected":false},"excerpt":{"rendered":"<p>Article publi\u00e9 originalement sur le site Hydralune. C\u2019est de nouveau mon tour de vous pr\u00e9senter une \u0153uvre qui m\u2019est ch\u00e8re [&hellip;]<\/p>\n","protected":false},"author":1,"featured_media":1026,"parent":1093,"menu_order":0,"comment_status":"closed","ping_status":"closed","template":"","meta":{"site-sidebar-layout":"default","site-content-layout":"","ast-site-content-layout":"default","site-content-style":"default","site-sidebar-style":"default","ast-global-header-display":"","ast-banner-title-visibility":"","ast-main-header-display":"","ast-hfb-above-header-display":"","ast-hfb-below-header-display":"","ast-hfb-mobile-header-display":"","site-post-title":"","ast-breadcrumbs-content":"","ast-featured-img":"","footer-sml-layout":"","ast-disable-related-posts":"","theme-transparent-header-meta":"","adv-header-id-meta":"","stick-header-meta":"","header-above-stick-meta":"","header-main-stick-meta":"","header-below-stick-meta":"","astra-migrate-meta-layouts":"default","ast-page-background-enabled":"default","ast-page-background-meta":{"desktop":{"background-color":"var(--ast-global-color-4)","background-image":"","background-repeat":"repeat","background-position":"center center","background-size":"auto","background-attachment":"scroll","background-type":"","background-media":"","overlay-type":"","overlay-color":"","overlay-opacity":"","overlay-gradient":""},"tablet":{"background-color":"","background-image":"","background-repeat":"repeat","background-position":"center center","background-size":"auto","background-attachment":"scroll","background-type":"","background-media":"","overlay-type":"","overlay-color":"","overlay-opacity":"","overlay-gradient":""},"mobile":{"background-color":"","background-image":"","background-repeat":"repeat","background-position":"center center","background-size":"auto","background-attachment":"scroll","background-type":"","background-media":"","overlay-type":"","overlay-color":"","overlay-opacity":"","overlay-gradient":""}},"ast-content-background-meta":{"desktop":{"background-color":"var(--ast-global-color-5)","background-image":"","background-repeat":"repeat","background-position":"center center","background-size":"auto","background-attachment":"scroll","background-type":"","background-media":"","overlay-type":"","overlay-color":"","overlay-opacity":"","overlay-gradient":""},"tablet":{"background-color":"var(--ast-global-color-5)","background-image":"","background-repeat":"repeat","background-position":"center center","background-size":"auto","background-attachment":"scroll","background-type":"","background-media":"","overlay-type":"","overlay-color":"","overlay-opacity":"","overlay-gradient":""},"mobile":{"background-color":"var(--ast-global-color-5)","background-image":"","background-repeat":"repeat","background-position":"center center","background-size":"auto","background-attachment":"scroll","background-type":"","background-media":"","overlay-type":"","overlay-color":"","overlay-opacity":"","overlay-gradient":""}},"jetpack_post_was_ever_published":false,"footnotes":""},"class_list":["post-1025","page","type-page","status-publish","has-post-thumbnail","hentry"],"jetpack_sharing_enabled":true,"jetpack_shortlink":"https:\/\/wp.me\/P9nlNh-gx","jetpack-related-posts":[{"id":1038,"url":"https:\/\/julie-limoges.fr\/?page_id=1038","url_meta":{"origin":1025,"position":0},"title":"Ce qu&#8217;on en dit","author":"Kyvar","date":"27 July 2017","format":false,"excerpt":"Vous retrouverez ici les critiques et articles sur le cycle Le soleil des hommes ! \u00a0 Nuit de cendres Site de Catherine Loiseau J\u2019ai eu la chance de d\u00e9couvrir ce roman en avant-premi\u00e8re, vu que je suis l\u2019une des marraines de ce tome au sein du\u00a0collectif Hydralune. Franchement, d\u00e8s les\u2026","rel":"","context":"Similar post","block_context":{"text":"Similar post","link":""},"img":{"alt_text":"","src":"https:\/\/i0.wp.com\/julie-limoges.fr\/wp-content\/uploads\/2017\/07\/SDH_cequonendit.jpg?fit=1072%2C435&ssl=1&resize=350%2C200","width":350,"height":200,"srcset":"https:\/\/i0.wp.com\/julie-limoges.fr\/wp-content\/uploads\/2017\/07\/SDH_cequonendit.jpg?fit=1072%2C435&ssl=1&resize=350%2C200 1x, https:\/\/i0.wp.com\/julie-limoges.fr\/wp-content\/uploads\/2017\/07\/SDH_cequonendit.jpg?fit=1072%2C435&ssl=1&resize=525%2C300 1.5x, https:\/\/i0.wp.com\/julie-limoges.fr\/wp-content\/uploads\/2017\/07\/SDH_cequonendit.jpg?fit=1072%2C435&ssl=1&resize=700%2C400 2x, https:\/\/i0.wp.com\/julie-limoges.fr\/wp-content\/uploads\/2017\/07\/SDH_cequonendit.jpg?fit=1072%2C435&ssl=1&resize=1050%2C600 3x"},"classes":[]},{"id":1028,"url":"https:\/\/julie-limoges.fr\/?page_id=1028","url_meta":{"origin":1025,"position":1},"title":"Manga : D\u00f4mu","author":"Kyvar","date":"19 March 2021","format":false,"excerpt":"Article publi\u00e9 originalement sur le site Hydralune. Je ne m\u2019en cache pas, j\u2019ai \u00e9t\u00e9 bien plus influenc\u00e9e par le cin\u00e9ma et la bande dessin\u00e9e que par la litt\u00e9rature. Alors, quand j\u2019ai d\u00fb choisir une \u0153uvre qui me tient \u00e0 c\u0153ur pour la pr\u00e9senter ici, c\u2019est naturellement vers ces m\u00e9dias que\u2026","rel":"","context":"Similar post","block_context":{"text":"Similar post","link":""},"img":{"alt_text":"","src":"https:\/\/i0.wp.com\/julie-limoges.fr\/wp-content\/uploads\/2021\/03\/Domu-reves-d-enfants.jpg?fit=400%2C560&ssl=1&resize=350%2C200","width":350,"height":200},"classes":[]},{"id":660,"url":"https:\/\/julie-limoges.fr\/?page_id=660","url_meta":{"origin":1025,"position":2},"title":"Extrait : Mains de Mort","author":"Kyvar","date":"19 October 2015","format":false,"excerpt":"Mains de Mort \u00a0 L\u2019homme s\u2019effondra d\u00e8s que mes doigts effleur\u00e8rent la peau de son visage. Il s\u2019\u00e9croula sur le sol humide, fauch\u00e9 par la mort en un instant. Crev\u00e9 en plein vol. La femme tomba \u00e0 genoux \u00e0 la vue de son compagnon \u2013 sans doute son mari \u2013\u2026","rel":"","context":"Similar post","block_context":{"text":"Similar post","link":""},"img":{"alt_text":"","src":"","width":0,"height":0},"classes":[]},{"id":1075,"url":"https:\/\/julie-limoges.fr\/?page_id=1075","url_meta":{"origin":1025,"position":3},"title":"Un long chemin","author":"Kyvar","date":"31 July 2017","format":false,"excerpt":"La vie est un long chemin aux ramifications infinies. Au fil des culs-de-sac, des raccourcis ou des \u00e9garements, elle prend souvent des tournants insoup\u00e7onn\u00e9s. Des changements de direction parfois b\u00e9n\u00e9fiques, parfois funestes. C\u2019est ce que Mains de Mort, bourreau d\u2019\u00c9tat, va d\u00e9couvrir lors d\u2019une de ses missions de routine. Dot\u00e9\u2026","rel":"","context":"Similar post","block_context":{"text":"Similar post","link":""},"img":{"alt_text":"","src":"https:\/\/i0.wp.com\/julie-limoges.fr\/wp-content\/uploads\/2017\/07\/unlongchemin.jpg?fit=1072%2C435&ssl=1&resize=350%2C200","width":350,"height":200,"srcset":"https:\/\/i0.wp.com\/julie-limoges.fr\/wp-content\/uploads\/2017\/07\/unlongchemin.jpg?fit=1072%2C435&ssl=1&resize=350%2C200 1x, https:\/\/i0.wp.com\/julie-limoges.fr\/wp-content\/uploads\/2017\/07\/unlongchemin.jpg?fit=1072%2C435&ssl=1&resize=525%2C300 1.5x, https:\/\/i0.wp.com\/julie-limoges.fr\/wp-content\/uploads\/2017\/07\/unlongchemin.jpg?fit=1072%2C435&ssl=1&resize=700%2C400 2x, https:\/\/i0.wp.com\/julie-limoges.fr\/wp-content\/uploads\/2017\/07\/unlongchemin.jpg?fit=1072%2C435&ssl=1&resize=1050%2C600 3x"},"classes":[]},{"id":136,"url":"https:\/\/julie-limoges.fr\/?page_id=136","url_meta":{"origin":1025,"position":4},"title":"Extrait : La m\u00e8re de toutes les m\u00e8res","author":"Kyvar","date":"19 March 2015","format":false,"excerpt":"La m\u00e8re de toutes les m\u00e8res \u00a0 Bien avant d'atterrir sur ce monde poubelle, j'avais connu la mer, la vraie, celle qui s'\u00e9tirait jusqu'\u00e0 l'horizon, bleue et houleuse. Elle inspirait les po\u00e8tes, intimidait les marins et bravait jour apr\u00e8s jour la domination des hommes. Il m'arrivait souvent de r\u00eaver du\u2026","rel":"","context":"Similar post","block_context":{"text":"Similar post","link":""},"img":{"alt_text":"","src":"","width":0,"height":0},"classes":[]},{"id":134,"url":"https:\/\/julie-limoges.fr\/?page_id=134","url_meta":{"origin":1025,"position":5},"title":"La m\u00e8re de toutes les m\u00e8res","author":"Kyvar","date":"19 March 2015","format":false,"excerpt":"Employ\u00e9 d'une raffinerie sur une plan\u00e8te recouverte de p\u00e9trole, Jean travaille chaque jour avec acharnement. D\u00e9sireux de rejoindre sa femme sur le point d'accoucher, il d\u00e9cide d'embarquer \u00e0 bord de la Go\u00e9lette. Il sait que le navire s'appr\u00eate \u00e0 braver l'interdiction de naviguer, en vigueur depuis les disparitions inexplicables de\u2026","rel":"","context":"Similar post","block_context":{"text":"Similar post","link":""},"img":{"alt_text":"","src":"https:\/\/i0.wp.com\/julie-limoges.fr\/wp-content\/uploads\/2015\/03\/audiolameredesmeres.jpg?resize=350%2C200","width":350,"height":200},"classes":[]}],"_links":{"self":[{"href":"https:\/\/julie-limoges.fr\/index.php?rest_route=\/wp\/v2\/pages\/1025","targetHints":{"allow":["GET"]}}],"collection":[{"href":"https:\/\/julie-limoges.fr\/index.php?rest_route=\/wp\/v2\/pages"}],"about":[{"href":"https:\/\/julie-limoges.fr\/index.php?rest_route=\/wp\/v2\/types\/page"}],"author":[{"embeddable":true,"href":"https:\/\/julie-limoges.fr\/index.php?rest_route=\/wp\/v2\/users\/1"}],"replies":[{"embeddable":true,"href":"https:\/\/julie-limoges.fr\/index.php?rest_route=%2Fwp%2Fv2%2Fcomments&post=1025"}],"version-history":[{"count":1,"href":"https:\/\/julie-limoges.fr\/index.php?rest_route=\/wp\/v2\/pages\/1025\/revisions"}],"predecessor-version":[{"id":1418,"href":"https:\/\/julie-limoges.fr\/index.php?rest_route=\/wp\/v2\/pages\/1025\/revisions\/1418"}],"up":[{"embeddable":true,"href":"https:\/\/julie-limoges.fr\/index.php?rest_route=\/wp\/v2\/pages\/1093"}],"wp:featuredmedia":[{"embeddable":true,"href":"https:\/\/julie-limoges.fr\/index.php?rest_route=\/wp\/v2\/media\/1026"}],"wp:attachment":[{"href":"https:\/\/julie-limoges.fr\/index.php?rest_route=%2Fwp%2Fv2%2Fmedia&parent=1025"}],"curies":[{"name":"wp","href":"https:\/\/api.w.org\/{rel}","templated":true}]}}