{"id":1456,"date":"2022-05-27T17:11:08","date_gmt":"2022-05-27T15:11:08","guid":{"rendered":"https:\/\/julie-limoges.fr\/?page_id=1456"},"modified":"2022-05-27T17:12:31","modified_gmt":"2022-05-27T15:12:31","slug":"le-faiseur-deau","status":"publish","type":"page","link":"https:\/\/julie-limoges.fr\/?page_id=1456","title":{"rendered":"Le Faiseur d&#8217;eau"},"content":{"rendered":"\n<p style=\"text-align: justify;\"><img data-recalc-dims=\"1\" decoding=\"async\" class=\"alignright\" src=\"https:\/\/i0.wp.com\/julie-limoges.fr\/wp-content\/uploads\/2022\/05\/Couverture_19_Mythologia-1C-212x300-1.jpg?ssl=1\" alt=\"\" \/>En pleine colonisation du continent du Vent pluvieux, une terre lointaine et sauvage, deux explorateurs et leurs porteurs se lancent \u00e0 l&#8217;assaut des montagnes de la Lune. Leur objectif : d\u00e9couvrir la source de la l\u00e9gendaire Grande rivi\u00e8re blanche.<\/p>\n<p style=\"text-align: justify;\">Mais lorsque les antiques croyances des autochtones se heurtent \u00e0 celles du vieux continent, l&#8217;ascension prend des allures de lutte pour la survie dans un monde inqui\u00e9tant, jusqu&#8217;\u00e0 la confrontation finale.<\/p>\n<p>\u00a0<\/p>\n<p>\u00a0<\/p>\n<div style=\"overflow: hidden; text-align: justify; min-width: 400px;\">\n<p><span style=\"font-size: 140%; color: #666;\"><b>Extrait : <\/b><\/span><\/p>\n<p><em>\u00ab C\u2019\u00e9tait ici, l\u00e0 o\u00f9 il se tenait, que le dernier explorateur, un hurluberlu nomm\u00e9 Divin-pardonne Parlehaut, avait termin\u00e9 son exp\u00e9dition pour d\u00e9couvrir la source de la Grande rivi\u00e8re blanche. Pour lui, aucun doute qu\u2019il s\u2019agissait de la source principale du fleuve mythique et il \u00e9tait rentr\u00e9 au pays pour pr\u00e9senter sa trouvaille \u00e0 la reine Vainqueuse Hauterive. Il n\u2019avait pas eu le temps de d\u00e9fendre sa th\u00e9orie qu\u2019un accident de chasse l\u2019avait foudroy\u00e9. De nombreux explorateurs avaient oppos\u00e9 que le myst\u00e8re restait entier, surtout lorsqu\u2019on consid\u00e9rait que le fleuve connaissait plusieurs passages souterrains plus bas sur son lit.<\/em><\/p>\n<p><em>Un moyen de forcer la main aux m\u00e9c\u00e8nes pour financer toujours plus de ses exp\u00e9ditions co\u00fbteuses\u2009? Ou une vraie curiosit\u00e9 scientifique\u2009? Hautegloire s\u2019en fichait. Son employeur le payait pour s\u2019assurer que Pierrevivante donne des r\u00e9sultats, et le missionnaire avait d\u00e9j\u00e0 r\u00e9ussi \u00e0 trouver la source d\u00e9crite par Parlehaut. Ils allaient maintenant commencer l\u2019ascension des montagnes de la Lune et tenter de d\u00e9couvrir l\u2018endroit o\u00f9 les eaux s\u2019engouffraient pour ressortir dans cette modeste piscine. Car, quelque part sur ces versants abrupts, la vraie source les attendait, perdue dans les brumes \u00e9ternelles.<\/em><em style=\"font-size: inherit;\">\u00a0 \u00bb<\/em><\/p>\n<p>\u00a0<\/p>\n<\/div>\n<div style=\"overflow: hidden; text-align: justify; min-width: 400px;\">\n<p><span style=\"font-size: 140%; color: #666;\"><b>O\u00f9 la trouver : <\/b><\/span><br \/>\u00a0<br \/><a href=\"https:\/\/www.etherval.com\/categorie-produit\/revue-papier\/\" target=\"_blank\" rel=\"noopener noreferrer\">Revue Etherval<\/a><\/p>\n<p>\u00a0<\/p>\n<\/div>\n","protected":false},"excerpt":{"rendered":"<p>En pleine colonisation du continent du Vent pluvieux, une terre lointaine et sauvage, deux explorateurs et leurs porteurs se lancent [&hellip;]<\/p>\n","protected":false},"author":1,"featured_media":0,"parent":32,"menu_order":11,"comment_status":"closed","ping_status":"closed","template":"","meta":{"site-sidebar-layout":"default","site-content-layout":"","ast-site-content-layout":"default","site-content-style":"default","site-sidebar-style":"default","ast-global-header-display":"","ast-banner-title-visibility":"","ast-main-header-display":"","ast-hfb-above-header-display":"","ast-hfb-below-header-display":"","ast-hfb-mobile-header-display":"","site-post-title":"","ast-breadcrumbs-content":"","ast-featured-img":"","footer-sml-layout":"","ast-disable-related-posts":"","theme-transparent-header-meta":"","adv-header-id-meta":"","stick-header-meta":"","header-above-stick-meta":"","header-main-stick-meta":"","header-below-stick-meta":"","astra-migrate-meta-layouts":"default","ast-page-background-enabled":"default","ast-page-background-meta":{"desktop":{"background-color":"var(--ast-global-color-4)","background-image":"","background-repeat":"repeat","background-position":"center center","background-size":"auto","background-attachment":"scroll","background-type":"","background-media":"","overlay-type":"","overlay-color":"","overlay-opacity":"","overlay-gradient":""},"tablet":{"background-color":"","background-image":"","background-repeat":"repeat","background-position":"center center","background-size":"auto","background-attachment":"scroll","background-type":"","background-media":"","overlay-type":"","overlay-color":"","overlay-opacity":"","overlay-gradient":""},"mobile":{"background-color":"","background-image":"","background-repeat":"repeat","background-position":"center center","background-size":"auto","background-attachment":"scroll","background-type":"","background-media":"","overlay-type":"","overlay-color":"","overlay-opacity":"","overlay-gradient":""}},"ast-content-background-meta":{"desktop":{"background-color":"var(--ast-global-color-5)","background-image":"","background-repeat":"repeat","background-position":"center center","background-size":"auto","background-attachment":"scroll","background-type":"","background-media":"","overlay-type":"","overlay-color":"","overlay-opacity":"","overlay-gradient":""},"tablet":{"background-color":"var(--ast-global-color-5)","background-image":"","background-repeat":"repeat","background-position":"center center","background-size":"auto","background-attachment":"scroll","background-type":"","background-media":"","overlay-type":"","overlay-color":"","overlay-opacity":"","overlay-gradient":""},"mobile":{"background-color":"var(--ast-global-color-5)","background-image":"","background-repeat":"repeat","background-position":"center center","background-size":"auto","background-attachment":"scroll","background-type":"","background-media":"","overlay-type":"","overlay-color":"","overlay-opacity":"","overlay-gradient":""}},"jetpack_post_was_ever_published":false,"footnotes":""},"class_list":["post-1456","page","type-page","status-publish","hentry"],"jetpack_sharing_enabled":true,"jetpack_shortlink":"https:\/\/wp.me\/P9nlNh-nu","jetpack-related-posts":[{"id":136,"url":"https:\/\/julie-limoges.fr\/?page_id=136","url_meta":{"origin":1456,"position":0},"title":"Extrait : La m\u00e8re de toutes les m\u00e8res","author":"Kyvar","date":"19 March 2015","format":false,"excerpt":"La m\u00e8re de toutes les m\u00e8res \u00a0 Bien avant d'atterrir sur ce monde poubelle, j'avais connu la mer, la vraie, celle qui s'\u00e9tirait jusqu'\u00e0 l'horizon, bleue et houleuse. Elle inspirait les po\u00e8tes, intimidait les marins et bravait jour apr\u00e8s jour la domination des hommes. Il m'arrivait souvent de r\u00eaver du\u2026","rel":"","context":"Similar post","block_context":{"text":"Similar post","link":""},"img":{"alt_text":"","src":"","width":0,"height":0},"classes":[]},{"id":1399,"url":"https:\/\/julie-limoges.fr\/?page_id=1399","url_meta":{"origin":1456,"position":1},"title":"On vous parle du Soleil des hommes","author":"Kyvar","date":"18 March 2021","format":false,"excerpt":"(d'abord publi\u00e9 sur le site hydralune.com) \u2014 Un monde priv\u00e9 de lumi\u00e8re Dans le Soleil des hommes, le soleil a disparu et le monde est plong\u00e9 dans une obscurit\u00e9 constante. Illustration de Slava Gerj \u00c0 l\u2019origine, le roman \u00e9tait une nouvelle se d\u00e9roulant dans le d\u00e9sert australien lors d\u2019une nuit\u2026","rel":"","context":"Similar post","block_context":{"text":"Similar post","link":""},"img":{"alt_text":"","src":"https:\/\/i0.wp.com\/hydralune.com\/wp-content\/uploads\/2016\/07\/imagesite-300x227.jpg?resize=350%2C200&ssl=1","width":350,"height":200},"classes":[]},{"id":1025,"url":"https:\/\/julie-limoges.fr\/?page_id=1025","url_meta":{"origin":1456,"position":2},"title":"Bande dessin\u00e9e : Les lumi\u00e8res de l&#8217;Amalou","author":"Kyvar","date":"19 March 2021","format":false,"excerpt":"Article publi\u00e9 originalement sur le site Hydralune. C\u2019est de nouveau mon tour de vous pr\u00e9senter une \u0153uvre qui m\u2019est ch\u00e8re et qui m\u2019a influenc\u00e9e dans mon parcours d\u2019\u00e9crivain. Apr\u00e8s un manga, D\u00f4mu, je reviens dans l'Hexagone pour vous parler d\u2019une bande dessin\u00e9e bien de chez nous\u00a0: les Lumi\u00e8res de Lamalou.\u2026","rel":"","context":"Similar post","block_context":{"text":"Similar post","link":""},"img":{"alt_text":"","src":"https:\/\/i0.wp.com\/julie-limoges.fr\/wp-content\/uploads\/2017\/04\/les-lumieres-de-l-amalou-e1616167326768.jpg?fit=400%2C393&ssl=1&resize=350%2C200","width":350,"height":200},"classes":[]},{"id":77,"url":"https:\/\/julie-limoges.fr\/?page_id=77","url_meta":{"origin":1456,"position":3},"title":"Tome 2 : Jusqu&#8217;au ciel","author":"Kyvar","date":"19 March 2015","format":false,"excerpt":"Quatri\u00e8me de couverture : Le temps presse. Dans l\u2019ombre et la moiteur, les r\u00e9giments des Duch\u00e9s ont submerg\u00e9 Arham. Les d\u00e9fenses du Bastion ont c\u00e9d\u00e9, d\u00e9versant des milliers de civils affol\u00e9s dans la sombre for\u00eat environnante. S\u00e9par\u00e9s de leur groupe, Akhyla et Ekam entreprennent de rejoindre le sud \u00e0 travers\u2026","rel":"","context":"Similar post","block_context":{"text":"Similar post","link":""},"img":{"alt_text":"","src":"https:\/\/i0.wp.com\/julie-limoges.fr\/wp-content\/uploads\/2015\/03\/SDH2.jpg?fit=1072%2C435&ssl=1&resize=350%2C200","width":350,"height":200,"srcset":"https:\/\/i0.wp.com\/julie-limoges.fr\/wp-content\/uploads\/2015\/03\/SDH2.jpg?fit=1072%2C435&ssl=1&resize=350%2C200 1x, https:\/\/i0.wp.com\/julie-limoges.fr\/wp-content\/uploads\/2015\/03\/SDH2.jpg?fit=1072%2C435&ssl=1&resize=525%2C300 1.5x, https:\/\/i0.wp.com\/julie-limoges.fr\/wp-content\/uploads\/2015\/03\/SDH2.jpg?fit=1072%2C435&ssl=1&resize=700%2C400 2x, https:\/\/i0.wp.com\/julie-limoges.fr\/wp-content\/uploads\/2015\/03\/SDH2.jpg?fit=1072%2C435&ssl=1&resize=1050%2C600 3x"},"classes":[]},{"id":84,"url":"https:\/\/julie-limoges.fr\/?page_id=84","url_meta":{"origin":1456,"position":4},"title":"Pr\u00e9sentation du roman","author":"Kyvar","date":"19 March 2015","format":false,"excerpt":"Illustration de Slava Gerj L'univers : Le Soleil des hommes est un roman de science fantasy se d\u00e9roulant dans un monde post-apocalyptique priv\u00e9 de soleil. Une guerre mill\u00e9naire s\u2019y poursuit entre deux blocs divis\u00e9s g\u00e9ographiquement avec au Nord les Multins, des peuples jug\u00e9s difformes et barbares, et au Sud les\u2026","rel":"","context":"Similar post","block_context":{"text":"Similar post","link":""},"img":{"alt_text":"","src":"https:\/\/i0.wp.com\/hydralune.com\/wp-content\/uploads\/2016\/07\/imagesite-300x227.jpg?resize=350%2C200&ssl=1","width":350,"height":200},"classes":[]},{"id":34,"url":"https:\/\/julie-limoges.fr\/?page_id=34","url_meta":{"origin":1456,"position":5},"title":"Mains de mort","author":"Kyvar","date":"18 March 2015","format":false,"excerpt":"Une naissance pour une mort, telle \u00e9tait la doctrine de l'\u00c9quilibre. Chaque jour, on m'envoyait pour ch\u00e2tier ceux qui la bafouaient. Chaque jour, je fauchais du bout des doigts pour la sauvegarder. Une routine am\u00e8re. Un destin que j'\u00e9tais cependant pr\u00eat \u00e0 endosser jusqu'\u00e0 la fin des temps.. \u00a0 Extrait\u2026","rel":"","context":"Similar post","block_context":{"text":"Similar post","link":""},"img":{"alt_text":"","src":"","width":0,"height":0},"classes":[]}],"_links":{"self":[{"href":"https:\/\/julie-limoges.fr\/index.php?rest_route=\/wp\/v2\/pages\/1456","targetHints":{"allow":["GET"]}}],"collection":[{"href":"https:\/\/julie-limoges.fr\/index.php?rest_route=\/wp\/v2\/pages"}],"about":[{"href":"https:\/\/julie-limoges.fr\/index.php?rest_route=\/wp\/v2\/types\/page"}],"author":[{"embeddable":true,"href":"https:\/\/julie-limoges.fr\/index.php?rest_route=\/wp\/v2\/users\/1"}],"replies":[{"embeddable":true,"href":"https:\/\/julie-limoges.fr\/index.php?rest_route=%2Fwp%2Fv2%2Fcomments&post=1456"}],"version-history":[{"count":3,"href":"https:\/\/julie-limoges.fr\/index.php?rest_route=\/wp\/v2\/pages\/1456\/revisions"}],"predecessor-version":[{"id":1461,"href":"https:\/\/julie-limoges.fr\/index.php?rest_route=\/wp\/v2\/pages\/1456\/revisions\/1461"}],"up":[{"embeddable":true,"href":"https:\/\/julie-limoges.fr\/index.php?rest_route=\/wp\/v2\/pages\/32"}],"wp:attachment":[{"href":"https:\/\/julie-limoges.fr\/index.php?rest_route=%2Fwp%2Fv2%2Fmedia&parent=1456"}],"curies":[{"name":"wp","href":"https:\/\/api.w.org\/{rel}","templated":true}]}}