{"id":670,"date":"2015-10-19T10:19:12","date_gmt":"2015-10-19T09:19:12","guid":{"rendered":"https:\/\/julielimoges.wordpress.com\/?page_id=670"},"modified":"2022-05-27T17:26:12","modified_gmt":"2022-05-27T15:26:12","slug":"salons-et-rencontres","status":"publish","type":"page","link":"https:\/\/julie-limoges.fr\/?page_id=670","title":{"rendered":"Salons"},"content":{"rendered":"\n<div class=\"wp-block-group\"><div class=\"wp-block-group__inner-container is-layout-flow wp-block-group-is-layout-flow\">\n<h3>Vous pourrez me rencontrer sur les salons :<\/h3>\n<p style=\"text-align: justify;\"><a href=\"https:\/\/www.aventuriales.fr\/\">Les Aventuriales de M\u00e9n\u00e9trol 2022<\/a> &#8211; <strong>24 et 25 septembre 2022 &#8211; M\u00e9n\u00e9trol &#8211; sur le stand d&#8217;<a href=\"http:\/\/www.etherval.com\/static\/\" target=\"_blank\" rel=\"noopener noreferrer\">Etherval<\/a>.<\/strong><\/p>\n<p>\u00a0<\/p>\n<h3>Vous avez pu me voir sur les salons :<\/h3>\n<p><strong><a href=\"https:\/\/www.halliennales.com\/\">Halliennales 2021<\/a> &#8211; 2 octobre 2021 &#8211; Hallennes-Les-Haubourdin &#8211; sur le stand d&#8217;<a href=\"http:\/\/www.etherval.com\/static\/\" target=\"_blank\" rel=\"noopener noreferrer\">Etherval<\/a><a href=\"http:\/\/www.fantasybeaujolais.fr\/\">.<\/a><br \/><\/strong><strong><a href=\"http:\/\/www.fantasybeaujolais.fr\/\">Fantasy en Beaujolais<\/a><\/strong> &#8211; du 16 au 17 novembre 2019 &#8211; Saint Didier sur Chalaronne &#8211; sur le stand d&#8217;<a href=\"http:\/\/www.etherval.com\/static\/\" target=\"_blank\" rel=\"noopener noreferrer\">Etherval<\/a>.<br \/><strong><a href=\"https:\/\/www.salon-fantastique.com\/\">Salon Fantastique<\/a><\/strong> &#8211; du 31 octobre au 2 novembre 2019 &#8211; Paris &#8211; sur le stand d&#8217;<a href=\"http:\/\/www.etherval.com\/static\/\" target=\"_blank\" rel=\"noopener noreferrer\">Etherval<\/a>.<br \/><strong><a href=\"https:\/\/tgs-lyongameshow.fr\/\" target=\"_blank\" rel=\"noopener noreferrer\">TGS Lyon<\/a><\/strong> &#8211; du 21 au 22 septembre 2019 &#8211; Lyon &#8211; sur le stand d&#8217;<a href=\"http:\/\/www.etherval.com\/static\/\" target=\"_blank\" rel=\"noopener noreferrer\">Etherval<\/a>.<br \/><strong><a href=\"http:\/\/asfo84.wixsite.com\/orange\" target=\"_blank\" rel=\"noopener noreferrer\">CSFO<\/a><\/strong> &#8211; du 27 au 28 avril 2019 &#8211; Orange &#8211; sur le stand d&#8217;<a href=\"http:\/\/www.etherval.com\/static\/\" target=\"_blank\" rel=\"noopener noreferrer\">Etherval<\/a>.<br \/><strong><a href=\"http:\/\/gresimaginaire.wixsite.com\/accueil\" target=\"_blank\" rel=\"noopener noreferrer\">TGS MAGS<\/a><\/strong> &#8211; du 30 au 31 mars 2019 &#8211; Montpellier &#8211; sur le stand d&#8217;<a href=\"http:\/\/www.etherval.com\/static\/\" target=\"_blank\" rel=\"noopener noreferrer\">Etherval<\/a>.<br \/><strong><a href=\"http:\/\/gresimaginaire.wixsite.com\/accueil\" target=\"_blank\" rel=\"noopener noreferrer\">Gresimaginaire<\/a><\/strong> &#8211; du 7 au 8 avril 2018 &#8211; Villard-Bonnot &#8211; sur le stand d&#8217;<a href=\"http:\/\/www.etherval.com\/static\/\" target=\"_blank\" rel=\"noopener noreferrer\">Etherval<\/a>.<br \/><strong><a href=\"http:\/\/asfo84.wixsite.com\/orange\/csfo\" target=\"_blank\" rel=\"noopener noreferrer\">CSFO<\/a><\/strong> &#8211; du 28 au 29 avril 2018 &#8211; Orange &#8211; sur le stand d&#8217;<a href=\"http:\/\/www.etherval.com\/static\/\" target=\"_blank\" rel=\"noopener noreferrer\">Etherval<\/a>.<br \/><strong><a href=\"https:\/\/www.imaginales.fr\/\" target=\"_blank\" rel=\"noopener noreferrer\">Les Imaginales<\/a><\/strong> &#8211; du 24 au 27 mai 2018 &#8211; \u00c9pinal &#8211; sur le stand d&#8217;<a href=\"http:\/\/www.etherval.com\/static\/\" target=\"_blank\" rel=\"noopener noreferrer\">Etherval<\/a>.<br \/><strong><a href=\"http:\/\/bloodyweekend.fr\/\">Bloody Week-end<\/a><\/strong> &#8211; du 1 au 3 juin 2018 &#8211; Audincourt.<br \/><strong><a href=\"https:\/\/www.aventuriales.fr\/\" target=\"_blank\" rel=\"noopener noreferrer\">Les Aventuriales de M\u00e9n\u00e9trol<\/a><\/strong> &#8211; du 23 au 24 septembre 2017 &#8211; M\u00e9n\u00e9trol &#8211; sur le stand d&#8217;<a href=\"http:\/\/www.etherval.com\/static\/\" target=\"_blank\" rel=\"noopener noreferrer\">Etherval<\/a>.<br \/><strong><a href=\"https:\/\/www.facebook.com\/halliennales\">Les Halliennales<\/a><\/strong> &#8211; le 7 octobre 2017 &#8211; Hallennes-Lez-Haubourdin &#8211; sur le stand d&#8217;<a href=\"http:\/\/www.etherval.com\/static\/\" target=\"_blank\" rel=\"noopener noreferrer\">Etherval<\/a>.<br \/><strong><a href=\"https:\/\/www.salon-fantastique.com\/\">Le salon Fantastique<\/a><\/strong> &#8211; du 3-5 novembre 2017 &#8211; Paris &#8211; sur le stand d&#8217;<a href=\"http:\/\/www.etherval.com\/static\/\" target=\"_blank\" rel=\"noopener noreferrer\">Etherval<\/a>.<br \/><strong><a href=\"https:\/\/www.imaginales.fr\/\" target=\"_blank\" rel=\"noopener noreferrer\">Les Imaginales<\/a><\/strong> &#8211; du 18 au 21 mai 2017 &#8211; Epinal &#8211; sur le stand d&#8217;<a href=\"http:\/\/www.etherval.com\/static\/\" target=\"_blank\" rel=\"noopener noreferrer\">Etherval<\/a>.<br \/><strong><a href=\"http:\/\/www.salon-fantastique.com\/\" target=\"_blank\" rel=\"noopener noreferrer\">Le salon Fantastique<\/a><\/strong> &#8211; du 6 au 8 mai 2017 &#8211; Paris &#8211; sur le stand d&#8217;<a href=\"http:\/\/www.etherval.com\/static\/\" target=\"_blank\" rel=\"noopener noreferrer\">Etherval<\/a>.<br \/><strong><a href=\"http:\/\/asfo84.wixsite.com\/orange\/csfo\" target=\"_blank\" rel=\"noopener noreferrer\">CSFO Orange<\/a><\/strong> &#8211; 29 au 30 avril 2017 &#8211; Orange &#8211; sur le stand d&#8217;<a href=\"http:\/\/www.etherval.com\/static\/\" target=\"_blank\" rel=\"noopener noreferrer\">Etherval<\/a>.<br \/><strong><a href=\"http:\/\/www.aventuriales.fr\/\" target=\"_blank\" rel=\"noopener noreferrer\">Les aventuriales de M\u00e9n\u00e9trol<\/a><\/strong> &#8211; du 24 septembre au 25 septembre 2016 &#8211; M\u00e9n\u00e9trol &#8211; sur le stand d&#8217;<a href=\"http:\/\/www.etherval.com\/static\/\" target=\"_blank\" rel=\"noopener noreferrer\">Etherval<\/a>.<br \/><strong><a href=\"http:\/\/www.salon-fantastique.com\/\" target=\"_blank\" rel=\"noopener noreferrer\">Le salon Fantastique<\/a><\/strong> &#8211; du vendredi 26 au dimanche 28 f\u00e9vrier 2016 &#8211; Paris &#8211; sur le stand d&#8217;<a href=\"http:\/\/www.etherval.com\/static\/\" target=\"_blank\" rel=\"noopener noreferrer\">Etherval<\/a>.<br \/><strong><a href=\"http:\/\/www.aventuriales.fr\/\" target=\"_blank\" rel=\"noopener noreferrer\">Les aventuriales de M\u00e9n\u00e9trol<\/a><\/strong> &#8211; du 24 septembre au 25 septembre 2015 &#8211; M\u00e9n\u00e9trol &#8211; sur le stand d&#8217;<a href=\"http:\/\/www.etherval.com\/static\/\" target=\"_blank\" rel=\"noopener noreferrer\">Etherval<\/a>.<br \/><strong><a href=\"http:\/\/www.imaginales.fr\/\" target=\"_blank\" rel=\"noopener noreferrer\">Les Imaginales<\/a><\/strong> &#8211; du 21 au 24 mai 2015 &#8211; \u00c9pinal &#8211; sur le stand d&#8217;<a href=\"http:\/\/www.etherval.com\/static\/\" target=\"_blank\" rel=\"noopener noreferrer\">Etherval<\/a>.<\/p>\n<\/div><\/div>\n","protected":false},"excerpt":{"rendered":"<p>Vous pourrez me rencontrer sur les salons : Les Aventuriales de M\u00e9n\u00e9trol 2022 &#8211; 24 et 25 septembre 2022 &#8211; [&hellip;]<\/p>\n","protected":false},"author":1,"featured_media":0,"parent":0,"menu_order":0,"comment_status":"closed","ping_status":"closed","template":"","meta":{"site-sidebar-layout":"default","site-content-layout":"","ast-site-content-layout":"default","site-content-style":"default","site-sidebar-style":"default","ast-global-header-display":"","ast-banner-title-visibility":"","ast-main-header-display":"","ast-hfb-above-header-display":"","ast-hfb-below-header-display":"","ast-hfb-mobile-header-display":"","site-post-title":"","ast-breadcrumbs-content":"","ast-featured-img":"","footer-sml-layout":"","ast-disable-related-posts":"","theme-transparent-header-meta":"","adv-header-id-meta":"","stick-header-meta":"","header-above-stick-meta":"","header-main-stick-meta":"","header-below-stick-meta":"","astra-migrate-meta-layouts":"default","ast-page-background-enabled":"default","ast-page-background-meta":{"desktop":{"background-color":"var(--ast-global-color-4)","background-image":"","background-repeat":"repeat","background-position":"center center","background-size":"auto","background-attachment":"scroll","background-type":"","background-media":"","overlay-type":"","overlay-color":"","overlay-opacity":"","overlay-gradient":""},"tablet":{"background-color":"","background-image":"","background-repeat":"repeat","background-position":"center center","background-size":"auto","background-attachment":"scroll","background-type":"","background-media":"","overlay-type":"","overlay-color":"","overlay-opacity":"","overlay-gradient":""},"mobile":{"background-color":"","background-image":"","background-repeat":"repeat","background-position":"center center","background-size":"auto","background-attachment":"scroll","background-type":"","background-media":"","overlay-type":"","overlay-color":"","overlay-opacity":"","overlay-gradient":""}},"ast-content-background-meta":{"desktop":{"background-color":"var(--ast-global-color-5)","background-image":"","background-repeat":"repeat","background-position":"center center","background-size":"auto","background-attachment":"scroll","background-type":"","background-media":"","overlay-type":"","overlay-color":"","overlay-opacity":"","overlay-gradient":""},"tablet":{"background-color":"var(--ast-global-color-5)","background-image":"","background-repeat":"repeat","background-position":"center center","background-size":"auto","background-attachment":"scroll","background-type":"","background-media":"","overlay-type":"","overlay-color":"","overlay-opacity":"","overlay-gradient":""},"mobile":{"background-color":"var(--ast-global-color-5)","background-image":"","background-repeat":"repeat","background-position":"center center","background-size":"auto","background-attachment":"scroll","background-type":"","background-media":"","overlay-type":"","overlay-color":"","overlay-opacity":"","overlay-gradient":""}},"jetpack_post_was_ever_published":false,"footnotes":""},"class_list":["post-670","page","type-page","status-publish","hentry"],"jetpack_sharing_enabled":false,"jetpack_shortlink":"https:\/\/wp.me\/P9nlNh-aO","jetpack-related-posts":[{"id":1102,"url":"https:\/\/julie-limoges.fr\/?page_id=1102","url_meta":{"origin":670,"position":0},"title":"Nouvelle compl\u00e8te : Une maison dans le Sud","author":"Kyvar","date":"31 July 2017","format":false,"excerpt":"Une maison dans le Sud \u00a0 C\u2019\u00e9tait une maison, une maison dans le Sud. Un beau mas de Provence construit sur un terrain pentu travers\u00e9 de restanques bien align\u00e9es. Avec une simple route en terre pour y acc\u00e9der et des arbres touffus pour le camoufler aux regards indiscrets, il s\u2019agissait\u2026","rel":"","context":"Similar post","block_context":{"text":"Similar post","link":""},"img":{"alt_text":"","src":"","width":0,"height":0},"classes":[]},{"id":660,"url":"https:\/\/julie-limoges.fr\/?page_id=660","url_meta":{"origin":670,"position":1},"title":"Extrait : Mains de Mort","author":"Kyvar","date":"19 October 2015","format":false,"excerpt":"Mains de Mort \u00a0 L\u2019homme s\u2019effondra d\u00e8s que mes doigts effleur\u00e8rent la peau de son visage. Il s\u2019\u00e9croula sur le sol humide, fauch\u00e9 par la mort en un instant. Crev\u00e9 en plein vol. La femme tomba \u00e0 genoux \u00e0 la vue de son compagnon \u2013 sans doute son mari \u2013\u2026","rel":"","context":"Similar post","block_context":{"text":"Similar post","link":""},"img":{"alt_text":"","src":"","width":0,"height":0},"classes":[]},{"id":34,"url":"https:\/\/julie-limoges.fr\/?page_id=34","url_meta":{"origin":670,"position":2},"title":"Mains de mort","author":"Kyvar","date":"18 March 2015","format":false,"excerpt":"Une naissance pour une mort, telle \u00e9tait la doctrine de l'\u00c9quilibre. Chaque jour, on m'envoyait pour ch\u00e2tier ceux qui la bafouaient. Chaque jour, je fauchais du bout des doigts pour la sauvegarder. Une routine am\u00e8re. Un destin que j'\u00e9tais cependant pr\u00eat \u00e0 endosser jusqu'\u00e0 la fin des temps.. \u00a0 Extrait\u2026","rel":"","context":"Similar post","block_context":{"text":"Similar post","link":""},"img":{"alt_text":"","src":"","width":0,"height":0},"classes":[]},{"id":1045,"url":"https:\/\/julie-limoges.fr\/?page_id=1045","url_meta":{"origin":670,"position":3},"title":"En librairie","author":"Kyvar","date":"28 July 2017","format":false,"excerpt":"O\u00f9 trouver mes \u0153uvres, que ce soit en version papier ou num\u00e9rique ! Le soleil des hommes Nuit de cendres (T1) Jusqu'au ciel (T2) > Lire les premi\u00e8res pages < > Lire les premi\u00e8res pages < Disponible en versions num\u00e9rique et papier sur la boutique Hydralune. Disponible en versions num\u00e9rique\u2026","rel":"","context":"Similar post","block_context":{"text":"Similar post","link":""},"img":{"alt_text":"","src":"","width":0,"height":0},"classes":[]},{"id":1373,"url":"https:\/\/julie-limoges.fr\/?page_id=1373","url_meta":{"origin":670,"position":4},"title":"Tome 3 : La Danse de l&#8217;acier","author":"Kyvar","date":"17 March 2021","format":false,"excerpt":"Quatri\u00e8me de couverture : Les Porteurs de guerre sont l\u00e0. L\u2019invasion multine se poursuit et rien ne semble pouvoir l\u2019arr\u00eater. Elle menace maintenant de fondre sur Atorn, la capitale des R\u00e9gions. Bien inconscient de ce danger, Akhyla se remet difficilement de ses blessures \u00e0 Vach-Tyrel. Lui et ses compagnons cherchent\u2026","rel":"","context":"Similar post","block_context":{"text":"Similar post","link":""},"img":{"alt_text":"","src":"https:\/\/i0.wp.com\/julie-limoges.fr\/wp-content\/uploads\/2015\/03\/titleSDH.jpg?fit=1072%2C435&ssl=1&resize=350%2C200","width":350,"height":200,"srcset":"https:\/\/i0.wp.com\/julie-limoges.fr\/wp-content\/uploads\/2015\/03\/titleSDH.jpg?fit=1072%2C435&ssl=1&resize=350%2C200 1x, https:\/\/i0.wp.com\/julie-limoges.fr\/wp-content\/uploads\/2015\/03\/titleSDH.jpg?fit=1072%2C435&ssl=1&resize=525%2C300 1.5x, https:\/\/i0.wp.com\/julie-limoges.fr\/wp-content\/uploads\/2015\/03\/titleSDH.jpg?fit=1072%2C435&ssl=1&resize=700%2C400 2x, https:\/\/i0.wp.com\/julie-limoges.fr\/wp-content\/uploads\/2015\/03\/titleSDH.jpg?fit=1072%2C435&ssl=1&resize=1050%2C600 3x"},"classes":[]},{"id":136,"url":"https:\/\/julie-limoges.fr\/?page_id=136","url_meta":{"origin":670,"position":5},"title":"Extrait : La m\u00e8re de toutes les m\u00e8res","author":"Kyvar","date":"19 March 2015","format":false,"excerpt":"La m\u00e8re de toutes les m\u00e8res \u00a0 Bien avant d'atterrir sur ce monde poubelle, j'avais connu la mer, la vraie, celle qui s'\u00e9tirait jusqu'\u00e0 l'horizon, bleue et houleuse. Elle inspirait les po\u00e8tes, intimidait les marins et bravait jour apr\u00e8s jour la domination des hommes. Il m'arrivait souvent de r\u00eaver du\u2026","rel":"","context":"Similar post","block_context":{"text":"Similar post","link":""},"img":{"alt_text":"","src":"","width":0,"height":0},"classes":[]}],"_links":{"self":[{"href":"https:\/\/julie-limoges.fr\/index.php?rest_route=\/wp\/v2\/pages\/670","targetHints":{"allow":["GET"]}}],"collection":[{"href":"https:\/\/julie-limoges.fr\/index.php?rest_route=\/wp\/v2\/pages"}],"about":[{"href":"https:\/\/julie-limoges.fr\/index.php?rest_route=\/wp\/v2\/types\/page"}],"author":[{"embeddable":true,"href":"https:\/\/julie-limoges.fr\/index.php?rest_route=\/wp\/v2\/users\/1"}],"replies":[{"embeddable":true,"href":"https:\/\/julie-limoges.fr\/index.php?rest_route=%2Fwp%2Fv2%2Fcomments&post=670"}],"version-history":[{"count":9,"href":"https:\/\/julie-limoges.fr\/index.php?rest_route=\/wp\/v2\/pages\/670\/revisions"}],"predecessor-version":[{"id":1468,"href":"https:\/\/julie-limoges.fr\/index.php?rest_route=\/wp\/v2\/pages\/670\/revisions\/1468"}],"wp:attachment":[{"href":"https:\/\/julie-limoges.fr\/index.php?rest_route=%2Fwp%2Fv2%2Fmedia&parent=670"}],"curies":[{"name":"wp","href":"https:\/\/api.w.org\/{rel}","templated":true}]}}