{"id":84,"date":"2015-03-19T00:42:38","date_gmt":"2015-03-18T23:42:38","guid":{"rendered":"https:\/\/absilou.wordpress.com\/?page_id=84"},"modified":"2021-03-18T18:08:41","modified_gmt":"2021-03-18T17:08:41","slug":"sdh-cycle","status":"publish","type":"page","link":"https:\/\/julie-limoges.fr\/?page_id=84","title":{"rendered":"Pr\u00e9sentation du roman"},"content":{"rendered":"<div style=\"overflow: hidden; text-align: justify; min-width: 400px;\">\n<p><img data-recalc-dims=\"1\" loading=\"lazy\" decoding=\"async\" data-attachment-id=\"176\" data-permalink=\"https:\/\/julie-limoges.fr\/?attachment_id=176\" data-orig-file=\"https:\/\/i0.wp.com\/julie-limoges.fr\/wp-content\/uploads\/2015\/03\/stockvault-biohazard-grunge-sign134000.jpg?fit=1800%2C1800&amp;ssl=1\" data-orig-size=\"1800,1800\" data-comments-opened=\"1\" data-image-meta=\"{&quot;aperture&quot;:&quot;0&quot;,&quot;credit&quot;:&quot;&quot;,&quot;camera&quot;:&quot;&quot;,&quot;caption&quot;:&quot;&quot;,&quot;created_timestamp&quot;:&quot;0&quot;,&quot;copyright&quot;:&quot;&quot;,&quot;focal_length&quot;:&quot;0&quot;,&quot;iso&quot;:&quot;0&quot;,&quot;shutter_speed&quot;:&quot;0&quot;,&quot;title&quot;:&quot;&quot;,&quot;orientation&quot;:&quot;1&quot;}\" data-image-title=\"stockvault-biohazard-grunge-sign134000\" data-image-description=\"\" data-image-caption=\"\" data-large-file=\"https:\/\/i0.wp.com\/julie-limoges.fr\/wp-content\/uploads\/2015\/03\/stockvault-biohazard-grunge-sign134000.jpg?fit=1024%2C1024&amp;ssl=1\" class=\"size-medium wp-image-176 aligncenter\" src=\"https:\/\/i0.wp.com\/hydralune.com\/wp-content\/uploads\/2016\/07\/imagesite-300x227.jpg?resize=300%2C227&#038;ssl=1\" alt=\"\" width=\"300\" height=\"227\" \/><\/p>\n<p style=\"text-align: center; font-size: x-small;\"><em>Illustration de Slava Gerj<\/em><\/p>\n<p><span style=\"font-size: 140%; color: #666;\"><b>L&#8217;univers :<\/b><\/span><\/p>\n<p><em>Le Soleil des hommes<\/em> est un roman de science fantasy se d\u00e9roulant dans un monde post-apocalyptique priv\u00e9 de soleil. Une guerre mill\u00e9naire s\u2019y poursuit entre deux blocs divis\u00e9s g\u00e9ographiquement avec au Nord les Multins, des peuples jug\u00e9s difformes et barbares, et au Sud les Humains.<br \/>\nCes derniers sont en f\u00e2cheuse posture depuis que la Peste des morts a frapp\u00e9 leur empire, des d\u00e9cennies plus t\u00f4t. La progression de ce mal, qui rel\u00e8ve les cadavres pour en faire des cr\u00e9atures voraces et contagieuses, les a pouss\u00e9s \u00e0 se replier de plus en plus vers le nord, d\u00e9pla\u00e7ant ou massacrant les clans multins qui y vivaient.<br \/>\nDepuis quelques ann\u00e9es, n\u00e9anmoins, ils se retrouvent bloqu\u00e9s dans leur fuite par des tribus multines unies sous une m\u00eame banni\u00e8re. Ils sont forc\u00e9s \u00e0 affronter les hordes d\u00e9charn\u00e9es en provenance du sud, accul\u00e9s contre des fronti\u00e8res qui ne reculent plus. Une situation critique qui pourrait bien causer leur perte, surtout apr\u00e8s qu\u2019ils aient eux-m\u00eames men\u00e9 aux gibets les Ant\u00e9ires, ceux qui avaient jadis garanti leurs victoires sur les Multins.<br \/>\nSurtout apr\u00e8s que la mort elle-m\u00eame ait d\u00e9cid\u00e9 d\u2019en finir une bonne fois pour toutes avec les vivants.<\/p>\n<p><span style=\"font-size: 140%; color: #666;\"><b>Les intentions :<\/b><\/span><\/p>\n<p>Dans ce roman, l\u2019accent est plus particuli\u00e8rement mis sur le rythme, l\u2019action et la psychologie des personnages.<\/p>\n<p>L\u2019\u00e9volution de ces deniers, confront\u00e9s \u00e0 des situations extr\u00eames, est particuli\u00e8rement d\u00e9velopp\u00e9e, tout comme l\u2019univers cru d\u00e9voil\u00e9 sans fioritures. Le caract\u00e8re volontairement visuel de la narration vise \u00e0 faire ressortir les ambiances et couleurs d\u2019un monde plong\u00e9 dans des t\u00e9n\u00e8bres perp\u00e9tuelles. Il permet aussi de rendre plus cin\u00e9matographiques les sc\u00e8nes d\u2019action et d\u2019ainsi en soutenir le traitement graphique, sonore et sensitif. L\u2019action est tr\u00e8s pr\u00e9sente dans le r\u00e9cit de par la situation politique et la situation personnelle des protagonistes au d\u00e9but du roman. N\u00e9anmoins, le choix de demeurer au niveau humain malgr\u00e9 la nature globale des \u00e9v\u00e9nements permet de suivre les personnages dans leurs combats intimes, combats qui restent, en d\u00e9pit de cette guerre sans commune mesure, le c\u0153ur et l\u2019\u00e2me du livre.<\/p>\n<p><span style=\"font-size: 140%; color: #666;\"><b>Les th\u00e8mes :<\/b><\/span><\/p>\n<p>Les th\u00e8mes abord\u00e9s sont principalement ceux de la m\u00e9moire, du devoir, de la culpabilit\u00e9, de la vengeance, du choix et de la r\u00e9demption. Ils tournent tous autour des axes que sont les trois personnages narrateurs.<\/p>\n<p><strong>Akhyla<\/strong> est une jeune t\u00eate br\u00fbl\u00e9e, inexp\u00e9riment\u00e9 bien que d\u00e9j\u00e0 meurtri par la vie, projet\u00e9 dans un combat qui le d\u00e9passe et n\u2019est pas le sien. Son sens de la justice exacerb\u00e9 est contrebalanc\u00e9 par sa ranc\u0153ur envers la soci\u00e9t\u00e9 qui l\u2019a rejet\u00e9 \u00e0 cause de ses origines, ainsi que par la souffrance et la honte qui l\u2019accompagnent depuis son plus jeune \u00e2ge. Il oscille d\u00e8s lors entre son nihilisme adolescent et son d\u00e9sir de se battre. Il est de plus une page blanche, un adulte en devenir, qui sera amen\u00e9 \u00e0 se construire par le biais des deux autres focales que sont Enki et Aedan. Il sera une source de conflit entre ces deux derniers, conscients de l\u2019atout qu\u2019Akhyla, Ant\u00e9ire aux capacit\u00e9s \u00e9tranges, peut repr\u00e9senter pour leurs objectifs.<\/p>\n<p><strong>Aedan<\/strong> est un soldat \u0153uvrant pour une organisation secr\u00e8te dirig\u00e9e par les repr\u00e9sentants d\u2019un peuple ancien en passe de s\u2019\u00e9teindre : les Ant\u00e9ires. Us\u00e9 par une guerre clandestine qui ne porte pas de nom et condamn\u00e9 \u00e0 tra\u00eener dans son sillage une entit\u00e9 muette et passive alors qu\u2019on les massacre, il continue sa mission plus par devoir envers ses compagnons tomb\u00e9s que par id\u00e9aux. Lui-m\u00eame membre de ce peuple d\u00e9cri\u00e9 et ha\u00ef que sont les Ant\u00e9ires, il oscille entre l\u2019obligation quasi mystique de r\u00e9parer une faute jadis commise par les siens et l\u2019envie d\u2019abandonner de la plus l\u00e2che des fa\u00e7ons, en mourant. Car, pour cet homme pour qui le soleil n\u2019est qu\u2019un lointain souvenir d\u2019enfant, seule la mort pourrait le lib\u00e9rer de sa mission, sa foutue mission pour laquelle il irait jusqu\u2019au bout, quitte \u00e0 sacrifier tout et tout le monde.<\/p>\n<p><strong>Enki<\/strong> est un mercenaire \u00e0 la solde d\u2019un puissant baron auquel il est li\u00e9 par un obscur accord. Banni par les siens, un peuple multin aussi puissant que redout\u00e9 pour ses exc\u00e8s, il a d\u00fb fuir les terres br\u00fbl\u00e9es et arides du nord pour ex\u00e9cuter les ordres sournois de celui que lui-m\u00eame doit appeler, \u00e0 regret, son ma\u00eetre. Qu\u2019importe sa force et l\u2019\u00e9ternit\u00e9 lorsqu\u2019il mange dans la main de la personne la plus d\u00e9testable que l\u2019univers ait pu porter. Qu\u2019importe la honte et la fureur qui en d\u00e9coulent, aussi, pour peu qu\u2019il retrouve ce qu\u2019on lui a pris. Que son \u00e2me br\u00fble ou saigne, il n\u2019en a que faire, et m\u00eame si son combat doit le mener \u00e0 sa perte, il ne s\u2019arr\u00eatera pas avant d\u2019avoir assouvi sa vengeance.<\/p>\n<p><span style=\"font-size: 140%; color: #666;\"><b>La construction :<\/b><\/span><\/p>\n<p><em>Nuit de cendres<\/em>, <em>Jusqu&#8217;au ciel<\/em> et<em> La Danse de l&#8217;acier<\/em> sont les premiers tomes d\u2019une s\u00e9rie construite sur une trame en 6 tomes.<br \/>\nChaque tome est compos\u00e9 de parties, elles-m\u00eames d\u00e9coup\u00e9es en chapitres. Chaque partie pr\u00e9sente une unit\u00e9 de lieu ou d\u2019action. Chaque chapitre est plac\u00e9 sous la narration d\u2019un personnage focal (trois en tout) et est \u00e9crit \u00e0 la troisi\u00e8me personne du singulier. Les chapitres se succ\u00e8dent chronologiquement en changeant de focale selon un ordre identique au fil des parties.<br \/>\nCe d\u00e9coupage permet de suivre le r\u00e9cit \u00e0 travers le prisme de personnages aux id\u00e9es, aux caract\u00e8res et aux buts diff\u00e9rents, et d\u2019ainsi mieux cerner les enjeux et les cons\u00e9quences des \u00e9v\u00e9nements qui se d\u00e9roulent autour d\u2019eux.<br \/>\nLe choix d\u2019une chronologie stricte dans la succession des chapitres permet de plus de cr\u00e9er rythme et tension dans le r\u00e9cit tout en jouant avec les lieux et les points de vue pour offrir au lecteur une approche compl\u00e9mentaire de l\u2019histoire.<br \/>\nLe r\u00e9cit des tomes 1 et 2 se d\u00e9roulant sur trois jours, la construction des deux romans a donc \u00e9t\u00e9 pens\u00e9e pour que les sc\u00e8nes s\u2019encha\u00eenent sans ellipse afin de renforcer les sensations d\u2019urgence et de pr\u00e9cipitation des \u00e9v\u00e8nements.<\/p>\n<\/div>\n<div align=\"right\"><\/div>\n","protected":false},"excerpt":{"rendered":"<p>Illustration de Slava Gerj L&#8217;univers : Le Soleil des hommes est un roman de science fantasy se d\u00e9roulant dans un [&hellip;]<\/p>\n","protected":false},"author":1,"featured_media":0,"parent":1395,"menu_order":1,"comment_status":"closed","ping_status":"closed","template":"page-templates\/full-width-page.php","meta":{"site-sidebar-layout":"default","site-content-layout":"","ast-site-content-layout":"default","site-content-style":"default","site-sidebar-style":"default","ast-global-header-display":"","ast-banner-title-visibility":"","ast-main-header-display":"","ast-hfb-above-header-display":"","ast-hfb-below-header-display":"","ast-hfb-mobile-header-display":"","site-post-title":"","ast-breadcrumbs-content":"","ast-featured-img":"","footer-sml-layout":"","ast-disable-related-posts":"","theme-transparent-header-meta":"","adv-header-id-meta":"","stick-header-meta":"","header-above-stick-meta":"","header-main-stick-meta":"","header-below-stick-meta":"","astra-migrate-meta-layouts":"default","ast-page-background-enabled":"default","ast-page-background-meta":{"desktop":{"background-color":"var(--ast-global-color-4)","background-image":"","background-repeat":"repeat","background-position":"center center","background-size":"auto","background-attachment":"scroll","background-type":"","background-media":"","overlay-type":"","overlay-color":"","overlay-opacity":"","overlay-gradient":""},"tablet":{"background-color":"","background-image":"","background-repeat":"repeat","background-position":"center center","background-size":"auto","background-attachment":"scroll","background-type":"","background-media":"","overlay-type":"","overlay-color":"","overlay-opacity":"","overlay-gradient":""},"mobile":{"background-color":"","background-image":"","background-repeat":"repeat","background-position":"center center","background-size":"auto","background-attachment":"scroll","background-type":"","background-media":"","overlay-type":"","overlay-color":"","overlay-opacity":"","overlay-gradient":""}},"ast-content-background-meta":{"desktop":{"background-color":"var(--ast-global-color-5)","background-image":"","background-repeat":"repeat","background-position":"center center","background-size":"auto","background-attachment":"scroll","background-type":"","background-media":"","overlay-type":"","overlay-color":"","overlay-opacity":"","overlay-gradient":""},"tablet":{"background-color":"var(--ast-global-color-5)","background-image":"","background-repeat":"repeat","background-position":"center center","background-size":"auto","background-attachment":"scroll","background-type":"","background-media":"","overlay-type":"","overlay-color":"","overlay-opacity":"","overlay-gradient":""},"mobile":{"background-color":"var(--ast-global-color-5)","background-image":"","background-repeat":"repeat","background-position":"center center","background-size":"auto","background-attachment":"scroll","background-type":"","background-media":"","overlay-type":"","overlay-color":"","overlay-opacity":"","overlay-gradient":""}},"jetpack_post_was_ever_published":false,"footnotes":""},"class_list":["post-84","page","type-page","status-publish","hentry"],"jetpack_sharing_enabled":true,"jetpack_shortlink":"https:\/\/wp.me\/P9nlNh-1m","jetpack-related-posts":[{"id":1038,"url":"https:\/\/julie-limoges.fr\/?page_id=1038","url_meta":{"origin":84,"position":0},"title":"Ce qu&#8217;on en dit","author":"Kyvar","date":"27 July 2017","format":false,"excerpt":"Vous retrouverez ici les critiques et articles sur le cycle Le soleil des hommes ! \u00a0 Nuit de cendres Site de Catherine Loiseau J\u2019ai eu la chance de d\u00e9couvrir ce roman en avant-premi\u00e8re, vu que je suis l\u2019une des marraines de ce tome au sein du\u00a0collectif Hydralune. Franchement, d\u00e8s les\u2026","rel":"","context":"Similar post","block_context":{"text":"Similar post","link":""},"img":{"alt_text":"","src":"https:\/\/i0.wp.com\/julie-limoges.fr\/wp-content\/uploads\/2017\/07\/SDH_cequonendit.jpg?fit=1072%2C435&ssl=1&resize=350%2C200","width":350,"height":200,"srcset":"https:\/\/i0.wp.com\/julie-limoges.fr\/wp-content\/uploads\/2017\/07\/SDH_cequonendit.jpg?fit=1072%2C435&ssl=1&resize=350%2C200 1x, https:\/\/i0.wp.com\/julie-limoges.fr\/wp-content\/uploads\/2017\/07\/SDH_cequonendit.jpg?fit=1072%2C435&ssl=1&resize=525%2C300 1.5x, https:\/\/i0.wp.com\/julie-limoges.fr\/wp-content\/uploads\/2017\/07\/SDH_cequonendit.jpg?fit=1072%2C435&ssl=1&resize=700%2C400 2x, https:\/\/i0.wp.com\/julie-limoges.fr\/wp-content\/uploads\/2017\/07\/SDH_cequonendit.jpg?fit=1072%2C435&ssl=1&resize=1050%2C600 3x"},"classes":[]},{"id":1399,"url":"https:\/\/julie-limoges.fr\/?page_id=1399","url_meta":{"origin":84,"position":1},"title":"On vous parle du Soleil des hommes","author":"Kyvar","date":"18 March 2021","format":false,"excerpt":"(d'abord publi\u00e9 sur le site hydralune.com) \u2014 Un monde priv\u00e9 de lumi\u00e8re Dans le Soleil des hommes, le soleil a disparu et le monde est plong\u00e9 dans une obscurit\u00e9 constante. Illustration de Slava Gerj \u00c0 l\u2019origine, le roman \u00e9tait une nouvelle se d\u00e9roulant dans le d\u00e9sert australien lors d\u2019une nuit\u2026","rel":"","context":"Similar post","block_context":{"text":"Similar post","link":""},"img":{"alt_text":"","src":"https:\/\/i0.wp.com\/hydralune.com\/wp-content\/uploads\/2016\/07\/imagesite-300x227.jpg?resize=350%2C200&ssl=1","width":350,"height":200},"classes":[]},{"id":77,"url":"https:\/\/julie-limoges.fr\/?page_id=77","url_meta":{"origin":84,"position":2},"title":"Tome 2 : Jusqu&#8217;au ciel","author":"Kyvar","date":"19 March 2015","format":false,"excerpt":"Quatri\u00e8me de couverture : Le temps presse. Dans l\u2019ombre et la moiteur, les r\u00e9giments des Duch\u00e9s ont submerg\u00e9 Arham. Les d\u00e9fenses du Bastion ont c\u00e9d\u00e9, d\u00e9versant des milliers de civils affol\u00e9s dans la sombre for\u00eat environnante. S\u00e9par\u00e9s de leur groupe, Akhyla et Ekam entreprennent de rejoindre le sud \u00e0 travers\u2026","rel":"","context":"Similar post","block_context":{"text":"Similar post","link":""},"img":{"alt_text":"","src":"https:\/\/i0.wp.com\/julie-limoges.fr\/wp-content\/uploads\/2015\/03\/SDH2.jpg?fit=1072%2C435&ssl=1&resize=350%2C200","width":350,"height":200,"srcset":"https:\/\/i0.wp.com\/julie-limoges.fr\/wp-content\/uploads\/2015\/03\/SDH2.jpg?fit=1072%2C435&ssl=1&resize=350%2C200 1x, https:\/\/i0.wp.com\/julie-limoges.fr\/wp-content\/uploads\/2015\/03\/SDH2.jpg?fit=1072%2C435&ssl=1&resize=525%2C300 1.5x, https:\/\/i0.wp.com\/julie-limoges.fr\/wp-content\/uploads\/2015\/03\/SDH2.jpg?fit=1072%2C435&ssl=1&resize=700%2C400 2x, https:\/\/i0.wp.com\/julie-limoges.fr\/wp-content\/uploads\/2015\/03\/SDH2.jpg?fit=1072%2C435&ssl=1&resize=1050%2C600 3x"},"classes":[]},{"id":1373,"url":"https:\/\/julie-limoges.fr\/?page_id=1373","url_meta":{"origin":84,"position":3},"title":"Tome 3 : La Danse de l&#8217;acier","author":"Kyvar","date":"17 March 2021","format":false,"excerpt":"Quatri\u00e8me de couverture : Les Porteurs de guerre sont l\u00e0. L\u2019invasion multine se poursuit et rien ne semble pouvoir l\u2019arr\u00eater. Elle menace maintenant de fondre sur Atorn, la capitale des R\u00e9gions. Bien inconscient de ce danger, Akhyla se remet difficilement de ses blessures \u00e0 Vach-Tyrel. Lui et ses compagnons cherchent\u2026","rel":"","context":"Similar post","block_context":{"text":"Similar post","link":""},"img":{"alt_text":"","src":"https:\/\/i0.wp.com\/julie-limoges.fr\/wp-content\/uploads\/2015\/03\/titleSDH.jpg?fit=1072%2C435&ssl=1&resize=350%2C200","width":350,"height":200,"srcset":"https:\/\/i0.wp.com\/julie-limoges.fr\/wp-content\/uploads\/2015\/03\/titleSDH.jpg?fit=1072%2C435&ssl=1&resize=350%2C200 1x, https:\/\/i0.wp.com\/julie-limoges.fr\/wp-content\/uploads\/2015\/03\/titleSDH.jpg?fit=1072%2C435&ssl=1&resize=525%2C300 1.5x, https:\/\/i0.wp.com\/julie-limoges.fr\/wp-content\/uploads\/2015\/03\/titleSDH.jpg?fit=1072%2C435&ssl=1&resize=700%2C400 2x, https:\/\/i0.wp.com\/julie-limoges.fr\/wp-content\/uploads\/2015\/03\/titleSDH.jpg?fit=1072%2C435&ssl=1&resize=1050%2C600 3x"},"classes":[]},{"id":263,"url":"https:\/\/julie-limoges.fr\/?page_id=263","url_meta":{"origin":84,"position":4},"title":"Tome 1 : Nuit de cendres","author":"Kyvar","date":"20 March 2015","format":false,"excerpt":"Quatri\u00e8me de couverture : Sale temps sur le monde. Dans la nuit perp\u00e9tuelle et sous la pluie, la guerre s\u2019appr\u00eate \u00e0 s\u2019abattre une fois encore sur les terres exsangues du royaume des Hommes. Accul\u00e9s par des hordes d\u00e9charn\u00e9es au sud, les Humains doivent \u00e0 pr\u00e9sent faire face aux arm\u00e9es multines\u2026","rel":"","context":"Similar post","block_context":{"text":"Similar post","link":""},"img":{"alt_text":"","src":"https:\/\/i0.wp.com\/julie-limoges.fr\/wp-content\/uploads\/2015\/03\/SDH1.jpg?fit=1072%2C435&ssl=1&resize=350%2C200","width":350,"height":200,"srcset":"https:\/\/i0.wp.com\/julie-limoges.fr\/wp-content\/uploads\/2015\/03\/SDH1.jpg?fit=1072%2C435&ssl=1&resize=350%2C200 1x, https:\/\/i0.wp.com\/julie-limoges.fr\/wp-content\/uploads\/2015\/03\/SDH1.jpg?fit=1072%2C435&ssl=1&resize=525%2C300 1.5x, https:\/\/i0.wp.com\/julie-limoges.fr\/wp-content\/uploads\/2015\/03\/SDH1.jpg?fit=1072%2C435&ssl=1&resize=700%2C400 2x, https:\/\/i0.wp.com\/julie-limoges.fr\/wp-content\/uploads\/2015\/03\/SDH1.jpg?fit=1072%2C435&ssl=1&resize=1050%2C600 3x"},"classes":[]},{"id":962,"url":"https:\/\/julie-limoges.fr\/?page_id=962","url_meta":{"origin":84,"position":5},"title":"\u00c0 propos","author":"Kyvar","date":"18 March 2015","format":false,"excerpt":"N\u00e9e en 1983, je me destine tout d'abord \u00e0 une carri\u00e8re sans histoire dans le vaste, et tr\u00e8s restreint, monde de l'oc\u00e9anographie. Apr\u00e8s un malheureux incident \u2014 et la d\u00e9couverte de ma phobie des requins \u2014, je me tourne vers le domaine plus terrestre de la communication visuelle. Je d\u00e9chante\u2026","rel":"","context":"Similar post","block_context":{"text":"Similar post","link":""},"img":{"alt_text":"","src":"","width":0,"height":0},"classes":[]}],"_links":{"self":[{"href":"https:\/\/julie-limoges.fr\/index.php?rest_route=\/wp\/v2\/pages\/84","targetHints":{"allow":["GET"]}}],"collection":[{"href":"https:\/\/julie-limoges.fr\/index.php?rest_route=\/wp\/v2\/pages"}],"about":[{"href":"https:\/\/julie-limoges.fr\/index.php?rest_route=\/wp\/v2\/types\/page"}],"author":[{"embeddable":true,"href":"https:\/\/julie-limoges.fr\/index.php?rest_route=\/wp\/v2\/users\/1"}],"replies":[{"embeddable":true,"href":"https:\/\/julie-limoges.fr\/index.php?rest_route=%2Fwp%2Fv2%2Fcomments&post=84"}],"version-history":[{"count":5,"href":"https:\/\/julie-limoges.fr\/index.php?rest_route=\/wp\/v2\/pages\/84\/revisions"}],"predecessor-version":[{"id":1412,"href":"https:\/\/julie-limoges.fr\/index.php?rest_route=\/wp\/v2\/pages\/84\/revisions\/1412"}],"up":[{"embeddable":true,"href":"https:\/\/julie-limoges.fr\/index.php?rest_route=\/wp\/v2\/pages\/1395"}],"wp:attachment":[{"href":"https:\/\/julie-limoges.fr\/index.php?rest_route=%2Fwp%2Fv2%2Fmedia&parent=84"}],"curies":[{"name":"wp","href":"https:\/\/api.w.org\/{rel}","templated":true}]}}